{"id":12279,"date":"2020-01-12T17:29:55","date_gmt":"2020-01-12T17:29:55","guid":{"rendered":"http:\/\/puertomorelos.gob.mx\/comunicacionsocial\/home-1\/"},"modified":"2026-05-12T12:59:03","modified_gmt":"2026-05-12T18:59:03","slug":"home-1","status":"publish","type":"page","link":"https:\/\/puertomorelos.gob.mx\/comunicacionsocial\/","title":{"rendered":"DIRECCI\u00d3N DE COMUNICACI\u00d3N SOCIAL PUERTO MORELOS"},"content":{"rendered":"<div class=\"wpb-content-wrapper\"><p>[vc_row full_width=&#8221;stretch_row_content_no_spaces&#8221; vc_row_background=&#8221;&#8221; css=&#8221;.vc_custom_1709312730123{margin-top: -30px !important;background-color: #eeeeee !important;}&#8221;][vc_column]<div  class=\"jeg_slider_wrapper jeg_slider_type_7_wrapper jnews_module__0_6a9bc3273141f  \">\n                    <div class=\"jeg_slider_type_7 jeg_slider jeg_col_2o3 featured-left\" data-autoplay=\"true\" data-delay=\"3000\" data-nav-prev=\"Ant\" data-nav-next=\"Sig\">\n                        <div class=\"jeg_slide_item clearfix format-gallery\">\n\t\t\t\t\t\n                    \n                    <div class=\"jeg_slide_image\" style=\"background-image: url(https:\/\/puertomorelos.gob.mx\/comunicacionsocial\/wp-content\/uploads\/2026\/09\/SE-MANTIENE-PUERTO-MORELOS-SIN-CONFLAGRACIONES-PROTECCION-CIVIL-REFUERZA-VIGILANCIA-6-750x375.jpeg)\">\n                \t\t<a href=\"https:\/\/puertomorelos.gob.mx\/comunicacionsocial\/se-mantiene-puerto-morelos-sin-conflagraciones-proteccion-civil-refuerza-vigilancia\/\"><\/a>\n\t\t\t\t\t<\/div>\n                    <div class=\"jeg_slide_caption\">\n                        <div class=\"jeg_caption_container\">\n                        \t<div class=\"jeg_post_category\">\n\t                            <a href=\"https:\/\/puertomorelos.gob.mx\/comunicacionsocial\/boletines\/\" class=\"category-boletines\">BOLETINES<\/a>\n\t                        <\/div>\n\t                        <h2 class=\"jeg_post_title\">\n\t                            <a href=\"https:\/\/puertomorelos.gob.mx\/comunicacionsocial\/se-mantiene-puerto-morelos-sin-conflagraciones-proteccion-civil-refuerza-vigilancia\/\">SE MANTIENE PUERTO MORELOS SIN CONFLAGRACIONES; PROTECCI\u00d3N CIVIL REFUERZA VIGILANCIA<\/a>\n\t                        <\/h2>\n\t                        <div class=\"jeg_post_excerpt\">\n\t\t\t                    <p>Puerto Morelos, Quintana Roo a 4 de septiembre de 2026.\u2014 Puerto Morelos se mantiene sin registro de incendios forestales dentro de su territorio, inform\u00f3 la coordinadora municipal de Protecci\u00f3n Civil, Irma \u00c1vila M\u00e9ndez, quien se\u00f1al\u00f3 que se mantiene una vigilancia permanente de la geograf\u00eda municipal ante cualquier eventualidad. Luego de...<\/p>\n\t\t\t                <\/div>\n                            <a href=\"https:\/\/puertomorelos.gob.mx\/comunicacionsocial\/se-mantiene-puerto-morelos-sin-conflagraciones-proteccion-civil-refuerza-vigilancia\/\" class=\"jeg_readmore\">Leer m\u00e1s<\/a>\n                        <\/div>\n                        <div class=\"jeg_block_nav \"> \n                        \t<a href=\"#\" class=\"prev\">\n                        \t\t<i class=\"fa fa-angle-left\"><\/i>\n                                Ant\n                        \t<\/a> \n                        \t<a href=\"#\" class=\"next\">\n                                Sig\n                        \t\t<i class=\"fa fa-angle-right\"><\/i>\n                        \t<\/a> \n                        <\/div>\n                    <\/div>\n                <\/div><div class=\"jeg_slide_item clearfix format-gallery\">\n\t\t\t\t\t\n                    \n                    <div class=\"jeg_slide_image\" style=\"background-image: url(https:\/\/puertomorelos.gob.mx\/comunicacionsocial\/wp-content\/uploads\/2026\/09\/IMPULSA-BLANCA-MERARI-PARTICIPACION-CIUDADANA-PARA-DEFINIR-OBRAS-PRIORITARIAS-EN-PUERTO-MORELOS-2-750x375.jpeg)\">\n                \t\t<a href=\"https:\/\/puertomorelos.gob.mx\/comunicacionsocial\/impulsa-blanca-merari-participacion-ciudadana-para-definir-obras-prioritarias-en-puerto-morelos\/\"><\/a>\n\t\t\t\t\t<\/div>\n                    <div class=\"jeg_slide_caption\">\n                        <div class=\"jeg_caption_container\">\n                        \t<div class=\"jeg_post_category\">\n\t                            <a href=\"https:\/\/puertomorelos.gob.mx\/comunicacionsocial\/boletines\/\" class=\"category-boletines\">BOLETINES<\/a>\n\t                        <\/div>\n\t                        <h2 class=\"jeg_post_title\">\n\t                            <a href=\"https:\/\/puertomorelos.gob.mx\/comunicacionsocial\/impulsa-blanca-merari-participacion-ciudadana-para-definir-obras-prioritarias-en-puerto-morelos\/\">IMPULSA BLANCA MERARI PARTICIPACI\u00d3N CIUDADANA PARA DEFINIR OBRAS PRIORITARIAS EN PUERTO MORELOS<\/a>\n\t                        <\/h2>\n\t                        <div class=\"jeg_post_excerpt\">\n\t\t\t                    <p>Puerto Morelos, Quintana Roo a 4 septiembre de 2026.\u2014 Con el firme compromiso de fortalecer la participaci\u00f3n ciudadana y hacer de las voces de las y los portomorelenses un elemento fundamental en la toma de decisiones p\u00fablicas, la presidenta municipal Blanca Merari Tziu Mu\u00f1oz impulsa la integraci\u00f3n del Comit\u00e9 de...<\/p>\n\t\t\t                <\/div>\n                            <a href=\"https:\/\/puertomorelos.gob.mx\/comunicacionsocial\/impulsa-blanca-merari-participacion-ciudadana-para-definir-obras-prioritarias-en-puerto-morelos\/\" class=\"jeg_readmore\">Leer m\u00e1s<\/a>\n                        <\/div>\n                        <div class=\"jeg_block_nav \"> \n                        \t<a href=\"#\" class=\"prev\">\n                        \t\t<i class=\"fa fa-angle-left\"><\/i>\n                                Ant\n                        \t<\/a> \n                        \t<a href=\"#\" class=\"next\">\n                                Sig\n                        \t\t<i class=\"fa fa-angle-right\"><\/i>\n                        \t<\/a> \n                        <\/div>\n                    <\/div>\n                <\/div><div class=\"jeg_slide_item clearfix format-gallery\">\n\t\t\t\t\t\n                    \n                    <div class=\"jeg_slide_image\" style=\"background-image: url(https:\/\/puertomorelos.gob.mx\/comunicacionsocial\/wp-content\/uploads\/2026\/09\/CONTINUAN-ACCIONES-COORDINADAS-PARA-MITIGAR-EFECTOS-DEL-HUMO-POR-INCENDIO-FORESTAL-9-750x375.jpeg)\">\n                \t\t<a href=\"https:\/\/puertomorelos.gob.mx\/comunicacionsocial\/continuan-acciones-coordinadas-para-mitigar-efectos-del-humo-por-incendio-forestal\/\"><\/a>\n\t\t\t\t\t<\/div>\n                    <div class=\"jeg_slide_caption\">\n                        <div class=\"jeg_caption_container\">\n                        \t<div class=\"jeg_post_category\">\n\t                            <a href=\"https:\/\/puertomorelos.gob.mx\/comunicacionsocial\/boletines\/\" class=\"category-boletines\">BOLETINES<\/a>\n\t                        <\/div>\n\t                        <h2 class=\"jeg_post_title\">\n\t                            <a href=\"https:\/\/puertomorelos.gob.mx\/comunicacionsocial\/continuan-acciones-coordinadas-para-mitigar-efectos-del-humo-por-incendio-forestal\/\">CONTIN\u00daAN ACCIONES COORDINADAS PARA MITIGAR EFECTOS DEL HUMO POR INCENDIO FORESTAL<\/a>\n\t                        <\/h2>\n\t                        <div class=\"jeg_post_excerpt\">\n\t\t\t                    <p>Puerto Morelos, Quintana Roo, 3 de septiembre de 2026.\u2014 Por instrucci\u00f3n de la presidenta municipal Blanca Merari Tziu Mu\u00f1oz, el Gobierno de Puerto Morelos mantiene acciones permanentes de vigilancia y coordinaci\u00f3n interinstitucional para mitigar los efectos del humo que afecta al municipio, derivado de un incendio forestal registrado en Benito...<\/p>\n\t\t\t                <\/div>\n                            <a href=\"https:\/\/puertomorelos.gob.mx\/comunicacionsocial\/continuan-acciones-coordinadas-para-mitigar-efectos-del-humo-por-incendio-forestal\/\" class=\"jeg_readmore\">Leer m\u00e1s<\/a>\n                        <\/div>\n                        <div class=\"jeg_block_nav \"> \n                        \t<a href=\"#\" class=\"prev\">\n                        \t\t<i class=\"fa fa-angle-left\"><\/i>\n                                Ant\n                        \t<\/a> \n                        \t<a href=\"#\" class=\"next\">\n                                Sig\n                        \t\t<i class=\"fa fa-angle-right\"><\/i>\n                        \t<\/a> \n                        <\/div>\n                    <\/div>\n                <\/div>\n                    <\/div>\n                    \n                <\/div>[\/vc_column][\/vc_row][vc_row full_width=&#8221;stretch_row_content_no_spaces&#8221; vc_row_background=&#8221;&#8221; css=&#8221;.vc_custom_1645056953426{margin-top: -40px !important;}&#8221;][vc_column][vc_separator color=&#8221;custom&#8221; border_width=&#8221;3&#8243; accent_color=&#8221;#e5b926&#8243;][\/vc_column][\/vc_row][vc_row][vc_column width=&#8221;2\/3&#8243;]<div  class=\"jeg_postblock_5 jeg_postblock jeg_module_hook jeg_pagination_loadmore jeg_col_2o3 jnews_module__1_6a9bc32732f67   \" data-unique=\"jnews_module__1_6a9bc32732f67\">\n\t\t\t\t\t\n\t\t\t\t\t<div class=\"jeg_block_container\">\n                    \n                    <div class=\"jeg_posts jeg_load_more_flag\"><article class=\"jeg_post jeg_pl_lg_2 format-gallery\">\n                    <div class=\"jeg_thumb\">\n                        \n                        <a href=\"https:\/\/puertomorelos.gob.mx\/comunicacionsocial\/se-mantiene-puerto-morelos-sin-conflagraciones-proteccion-civil-refuerza-vigilancia\/\"><div class=\"thumbnail-container  size-715 \"><img loading=\"lazy\" decoding=\"async\" width=\"350\" height=\"250\" src=\"https:\/\/puertomorelos.gob.mx\/comunicacionsocial\/wp-content\/uploads\/2026\/09\/SE-MANTIENE-PUERTO-MORELOS-SIN-CONFLAGRACIONES-PROTECCION-CIVIL-REFUERZA-VIGILANCIA-6-350x250.jpeg\" class=\"attachment-jnews-350x250 size-jnews-350x250 wp-post-image\" alt=\"\" srcset=\"https:\/\/puertomorelos.gob.mx\/comunicacionsocial\/wp-content\/uploads\/2026\/09\/SE-MANTIENE-PUERTO-MORELOS-SIN-CONFLAGRACIONES-PROTECCION-CIVIL-REFUERZA-VIGILANCIA-6-350x250.jpeg 350w, https:\/\/puertomorelos.gob.mx\/comunicacionsocial\/wp-content\/uploads\/2026\/09\/SE-MANTIENE-PUERTO-MORELOS-SIN-CONFLAGRACIONES-PROTECCION-CIVIL-REFUERZA-VIGILANCIA-6-120x86.jpeg 120w, https:\/\/puertomorelos.gob.mx\/comunicacionsocial\/wp-content\/uploads\/2026\/09\/SE-MANTIENE-PUERTO-MORELOS-SIN-CONFLAGRACIONES-PROTECCION-CIVIL-REFUERZA-VIGILANCIA-6-750x536.jpeg 750w\" sizes=\"auto, (max-width: 350px) 100vw, 350px\" data-full-width=\"1600\" data-full-height=\"737\" \/><\/div><\/a>\n                        <div class=\"jeg_post_category\">\n                            <span><a href=\"https:\/\/puertomorelos.gob.mx\/comunicacionsocial\/boletines\/\" class=\"category-boletines\">BOLETINES<\/a><\/span>\n                        <\/div>\n                    <\/div>\n                    <div class=\"jeg_postblock_content\">\n                        <h3 class=\"jeg_post_title\">\n                            <a href=\"https:\/\/puertomorelos.gob.mx\/comunicacionsocial\/se-mantiene-puerto-morelos-sin-conflagraciones-proteccion-civil-refuerza-vigilancia\/\">SE MANTIENE PUERTO MORELOS SIN CONFLAGRACIONES; PROTECCI\u00d3N CIVIL REFUERZA VIGILANCIA<\/a>\n                        <\/h3>\n                        <div class=\"jeg_post_meta\"><\/div>\n                        <div class=\"jeg_post_excerpt\">\n                            <p>Puerto Morelos, Quintana Roo a 4 de septiembre de 2026.\u2014 Puerto Morelos se mantiene sin registro de incendios forestales dentro...<\/p>\n                            <a href=\"https:\/\/puertomorelos.gob.mx\/comunicacionsocial\/se-mantiene-puerto-morelos-sin-conflagraciones-proteccion-civil-refuerza-vigilancia\/\" class=\"jeg_readmore\">Leer m\u00e1s<\/a>\n                        <\/div>\n                    <\/div>\n                <\/article><article class=\"jeg_post jeg_pl_lg_2 format-gallery\">\n                    <div class=\"jeg_thumb\">\n                        \n                        <a href=\"https:\/\/puertomorelos.gob.mx\/comunicacionsocial\/impulsa-blanca-merari-participacion-ciudadana-para-definir-obras-prioritarias-en-puerto-morelos\/\"><div class=\"thumbnail-container  size-715 \"><img loading=\"lazy\" decoding=\"async\" width=\"350\" height=\"250\" src=\"https:\/\/puertomorelos.gob.mx\/comunicacionsocial\/wp-content\/uploads\/2026\/09\/IMPULSA-BLANCA-MERARI-PARTICIPACION-CIUDADANA-PARA-DEFINIR-OBRAS-PRIORITARIAS-EN-PUERTO-MORELOS-2-350x250.jpeg\" class=\"attachment-jnews-350x250 size-jnews-350x250 wp-post-image\" alt=\"\" srcset=\"https:\/\/puertomorelos.gob.mx\/comunicacionsocial\/wp-content\/uploads\/2026\/09\/IMPULSA-BLANCA-MERARI-PARTICIPACION-CIUDADANA-PARA-DEFINIR-OBRAS-PRIORITARIAS-EN-PUERTO-MORELOS-2-350x250.jpeg 350w, https:\/\/puertomorelos.gob.mx\/comunicacionsocial\/wp-content\/uploads\/2026\/09\/IMPULSA-BLANCA-MERARI-PARTICIPACION-CIUDADANA-PARA-DEFINIR-OBRAS-PRIORITARIAS-EN-PUERTO-MORELOS-2-120x86.jpeg 120w, https:\/\/puertomorelos.gob.mx\/comunicacionsocial\/wp-content\/uploads\/2026\/09\/IMPULSA-BLANCA-MERARI-PARTICIPACION-CIUDADANA-PARA-DEFINIR-OBRAS-PRIORITARIAS-EN-PUERTO-MORELOS-2-750x536.jpeg 750w, https:\/\/puertomorelos.gob.mx\/comunicacionsocial\/wp-content\/uploads\/2026\/09\/IMPULSA-BLANCA-MERARI-PARTICIPACION-CIUDADANA-PARA-DEFINIR-OBRAS-PRIORITARIAS-EN-PUERTO-MORELOS-2-1140x815.jpeg 1140w\" sizes=\"auto, (max-width: 350px) 100vw, 350px\" data-full-width=\"1600\" data-full-height=\"1066\" \/><\/div><\/a>\n                        <div class=\"jeg_post_category\">\n                            <span><a href=\"https:\/\/puertomorelos.gob.mx\/comunicacionsocial\/boletines\/\" class=\"category-boletines\">BOLETINES<\/a><\/span>\n                        <\/div>\n                    <\/div>\n                    <div class=\"jeg_postblock_content\">\n                        <h3 class=\"jeg_post_title\">\n                            <a href=\"https:\/\/puertomorelos.gob.mx\/comunicacionsocial\/impulsa-blanca-merari-participacion-ciudadana-para-definir-obras-prioritarias-en-puerto-morelos\/\">IMPULSA BLANCA MERARI PARTICIPACI\u00d3N CIUDADANA PARA DEFINIR OBRAS PRIORITARIAS EN PUERTO MORELOS<\/a>\n                        <\/h3>\n                        <div class=\"jeg_post_meta\"><\/div>\n                        <div class=\"jeg_post_excerpt\">\n                            <p>Puerto Morelos, Quintana Roo a 4 septiembre de 2026.\u2014 Con el firme compromiso de fortalecer la participaci\u00f3n ciudadana y hacer...<\/p>\n                            <a href=\"https:\/\/puertomorelos.gob.mx\/comunicacionsocial\/impulsa-blanca-merari-participacion-ciudadana-para-definir-obras-prioritarias-en-puerto-morelos\/\" class=\"jeg_readmore\">Leer m\u00e1s<\/a>\n                        <\/div>\n                    <\/div>\n                <\/article><article class=\"jeg_post jeg_pl_lg_2 format-gallery\">\n                    <div class=\"jeg_thumb\">\n                        \n                        <a href=\"https:\/\/puertomorelos.gob.mx\/comunicacionsocial\/continuan-acciones-coordinadas-para-mitigar-efectos-del-humo-por-incendio-forestal\/\"><div class=\"thumbnail-container  size-715 \"><img loading=\"lazy\" decoding=\"async\" width=\"350\" height=\"250\" src=\"https:\/\/puertomorelos.gob.mx\/comunicacionsocial\/wp-content\/uploads\/2026\/09\/CONTINUAN-ACCIONES-COORDINADAS-PARA-MITIGAR-EFECTOS-DEL-HUMO-POR-INCENDIO-FORESTAL-9-350x250.jpeg\" class=\"attachment-jnews-350x250 size-jnews-350x250 wp-post-image\" alt=\"\" srcset=\"https:\/\/puertomorelos.gob.mx\/comunicacionsocial\/wp-content\/uploads\/2026\/09\/CONTINUAN-ACCIONES-COORDINADAS-PARA-MITIGAR-EFECTOS-DEL-HUMO-POR-INCENDIO-FORESTAL-9-350x250.jpeg 350w, https:\/\/puertomorelos.gob.mx\/comunicacionsocial\/wp-content\/uploads\/2026\/09\/CONTINUAN-ACCIONES-COORDINADAS-PARA-MITIGAR-EFECTOS-DEL-HUMO-POR-INCENDIO-FORESTAL-9-120x86.jpeg 120w, https:\/\/puertomorelos.gob.mx\/comunicacionsocial\/wp-content\/uploads\/2026\/09\/CONTINUAN-ACCIONES-COORDINADAS-PARA-MITIGAR-EFECTOS-DEL-HUMO-POR-INCENDIO-FORESTAL-9-750x536.jpeg 750w, https:\/\/puertomorelos.gob.mx\/comunicacionsocial\/wp-content\/uploads\/2026\/09\/CONTINUAN-ACCIONES-COORDINADAS-PARA-MITIGAR-EFECTOS-DEL-HUMO-POR-INCENDIO-FORESTAL-9-1140x815.jpeg 1140w\" sizes=\"auto, (max-width: 350px) 100vw, 350px\" data-full-width=\"1600\" data-full-height=\"1066\" \/><\/div><\/a>\n                        <div class=\"jeg_post_category\">\n                            <span><a href=\"https:\/\/puertomorelos.gob.mx\/comunicacionsocial\/boletines\/\" class=\"category-boletines\">BOLETINES<\/a><\/span>\n                        <\/div>\n                    <\/div>\n                    <div class=\"jeg_postblock_content\">\n                        <h3 class=\"jeg_post_title\">\n                            <a href=\"https:\/\/puertomorelos.gob.mx\/comunicacionsocial\/continuan-acciones-coordinadas-para-mitigar-efectos-del-humo-por-incendio-forestal\/\">CONTIN\u00daAN ACCIONES COORDINADAS PARA MITIGAR EFECTOS DEL HUMO POR INCENDIO FORESTAL<\/a>\n                        <\/h3>\n                        <div class=\"jeg_post_meta\"><\/div>\n                        <div class=\"jeg_post_excerpt\">\n                            <p>Puerto Morelos, Quintana Roo, 3 de septiembre de 2026.\u2014 Por instrucci\u00f3n de la presidenta municipal Blanca Merari Tziu Mu\u00f1oz, el...<\/p>\n                            <a href=\"https:\/\/puertomorelos.gob.mx\/comunicacionsocial\/continuan-acciones-coordinadas-para-mitigar-efectos-del-humo-por-incendio-forestal\/\" class=\"jeg_readmore\">Leer m\u00e1s<\/a>\n                        <\/div>\n                    <\/div>\n                <\/article><article class=\"jeg_post jeg_pl_lg_2 format-gallery\">\n                    <div class=\"jeg_thumb\">\n                        \n                        <a href=\"https:\/\/puertomorelos.gob.mx\/comunicacionsocial\/reforzaran-acciones-ante-presencia-de-humo-y-se-sumaran-esfuerzos-al-combate-del-incendio-en-benito-juarez\/\"><div class=\"thumbnail-container  size-715 \"><img loading=\"lazy\" decoding=\"async\" width=\"350\" height=\"250\" src=\"https:\/\/puertomorelos.gob.mx\/comunicacionsocial\/wp-content\/uploads\/2026\/09\/REFORZARAN-ACCIONES-ANTE-PRESENCIA-DE-HUMO-Y-SE-SUMARAN-ESFUERZOS-AL-COMBATE-DEL-INCENDIO-EN-BENITO-J-1-350x250.jpeg\" class=\"attachment-jnews-350x250 size-jnews-350x250 wp-post-image\" alt=\"\" srcset=\"https:\/\/puertomorelos.gob.mx\/comunicacionsocial\/wp-content\/uploads\/2026\/09\/REFORZARAN-ACCIONES-ANTE-PRESENCIA-DE-HUMO-Y-SE-SUMARAN-ESFUERZOS-AL-COMBATE-DEL-INCENDIO-EN-BENITO-J-1-350x250.jpeg 350w, https:\/\/puertomorelos.gob.mx\/comunicacionsocial\/wp-content\/uploads\/2026\/09\/REFORZARAN-ACCIONES-ANTE-PRESENCIA-DE-HUMO-Y-SE-SUMARAN-ESFUERZOS-AL-COMBATE-DEL-INCENDIO-EN-BENITO-J-1-120x86.jpeg 120w, https:\/\/puertomorelos.gob.mx\/comunicacionsocial\/wp-content\/uploads\/2026\/09\/REFORZARAN-ACCIONES-ANTE-PRESENCIA-DE-HUMO-Y-SE-SUMARAN-ESFUERZOS-AL-COMBATE-DEL-INCENDIO-EN-BENITO-J-1-750x536.jpeg 750w, https:\/\/puertomorelos.gob.mx\/comunicacionsocial\/wp-content\/uploads\/2026\/09\/REFORZARAN-ACCIONES-ANTE-PRESENCIA-DE-HUMO-Y-SE-SUMARAN-ESFUERZOS-AL-COMBATE-DEL-INCENDIO-EN-BENITO-J-1-1140x815.jpeg 1140w\" sizes=\"auto, (max-width: 350px) 100vw, 350px\" data-full-width=\"1280\" data-full-height=\"959\" \/><\/div><\/a>\n                        <div class=\"jeg_post_category\">\n                            <span><a href=\"https:\/\/puertomorelos.gob.mx\/comunicacionsocial\/boletines\/\" class=\"category-boletines\">BOLETINES<\/a><\/span>\n                        <\/div>\n                    <\/div>\n                    <div class=\"jeg_postblock_content\">\n                        <h3 class=\"jeg_post_title\">\n                            <a href=\"https:\/\/puertomorelos.gob.mx\/comunicacionsocial\/reforzaran-acciones-ante-presencia-de-humo-y-se-sumaran-esfuerzos-al-combate-del-incendio-en-benito-juarez\/\">REFORZAR\u00c1N ACCIONES ANTE PRESENCIA DE HUMO Y SE SUMAR\u00c1N ESFUERZOS AL COMBATE DEL INCENDIO EN BENITO JU\u00c1REZ<\/a>\n                        <\/h3>\n                        <div class=\"jeg_post_meta\"><\/div>\n                        <div class=\"jeg_post_excerpt\">\n                            <p>3 de septiembre de 2026 * Este jueves se sumar\u00e1n alrededor de 100 elementos de Protecci\u00f3n Civil y Bomberos de...<\/p>\n                            <a href=\"https:\/\/puertomorelos.gob.mx\/comunicacionsocial\/reforzaran-acciones-ante-presencia-de-humo-y-se-sumaran-esfuerzos-al-combate-del-incendio-en-benito-juarez\/\" class=\"jeg_readmore\">Leer m\u00e1s<\/a>\n                        <\/div>\n                    <\/div>\n                <\/article><article class=\"jeg_post jeg_pl_lg_2 format-gallery\">\n                    <div class=\"jeg_thumb\">\n                        \n                        <a href=\"https:\/\/puertomorelos.gob.mx\/comunicacionsocial\/ratifica-blanca-merari-carta-de-amistad-entre-puerto-morelos-y-san-pedro-cholula\/\"><div class=\"thumbnail-container  size-715 \"><img loading=\"lazy\" decoding=\"async\" width=\"350\" height=\"250\" src=\"https:\/\/puertomorelos.gob.mx\/comunicacionsocial\/wp-content\/uploads\/2026\/09\/RATIFICA-BLANCA-MERARI-CARTA-DE-AMISTAD-ENTRE-PUERTO-MORELOS-Y-SAN-PEDRO-CHOLULA-6-350x250.jpeg\" class=\"attachment-jnews-350x250 size-jnews-350x250 wp-post-image\" alt=\"\" srcset=\"https:\/\/puertomorelos.gob.mx\/comunicacionsocial\/wp-content\/uploads\/2026\/09\/RATIFICA-BLANCA-MERARI-CARTA-DE-AMISTAD-ENTRE-PUERTO-MORELOS-Y-SAN-PEDRO-CHOLULA-6-350x250.jpeg 350w, https:\/\/puertomorelos.gob.mx\/comunicacionsocial\/wp-content\/uploads\/2026\/09\/RATIFICA-BLANCA-MERARI-CARTA-DE-AMISTAD-ENTRE-PUERTO-MORELOS-Y-SAN-PEDRO-CHOLULA-6-120x86.jpeg 120w, https:\/\/puertomorelos.gob.mx\/comunicacionsocial\/wp-content\/uploads\/2026\/09\/RATIFICA-BLANCA-MERARI-CARTA-DE-AMISTAD-ENTRE-PUERTO-MORELOS-Y-SAN-PEDRO-CHOLULA-6-750x536.jpeg 750w, https:\/\/puertomorelos.gob.mx\/comunicacionsocial\/wp-content\/uploads\/2026\/09\/RATIFICA-BLANCA-MERARI-CARTA-DE-AMISTAD-ENTRE-PUERTO-MORELOS-Y-SAN-PEDRO-CHOLULA-6-1140x815.jpeg 1140w\" sizes=\"auto, (max-width: 350px) 100vw, 350px\" data-full-width=\"1280\" data-full-height=\"853\" \/><\/div><\/a>\n                        <div class=\"jeg_post_category\">\n                            <span><a href=\"https:\/\/puertomorelos.gob.mx\/comunicacionsocial\/boletines\/\" class=\"category-boletines\">BOLETINES<\/a><\/span>\n                        <\/div>\n                    <\/div>\n                    <div class=\"jeg_postblock_content\">\n                        <h3 class=\"jeg_post_title\">\n                            <a href=\"https:\/\/puertomorelos.gob.mx\/comunicacionsocial\/ratifica-blanca-merari-carta-de-amistad-entre-puerto-morelos-y-san-pedro-cholula\/\">RATIFICA BLANCA MERARI CARTA DE AMISTAD ENTRE PUERTO MORELOS Y SAN PEDRO CHOLULA<\/a>\n                        <\/h3>\n                        <div class=\"jeg_post_meta\"><\/div>\n                        <div class=\"jeg_post_excerpt\">\n                            <p>San Pedro Cholula, Puebla a 2 de septiembre de 2026.\u2014 La presidenta municipal de Puerto Morelos, Blanca Merari Tziu Mu\u00f1oz,...<\/p>\n                            <a href=\"https:\/\/puertomorelos.gob.mx\/comunicacionsocial\/ratifica-blanca-merari-carta-de-amistad-entre-puerto-morelos-y-san-pedro-cholula\/\" class=\"jeg_readmore\">Leer m\u00e1s<\/a>\n                        <\/div>\n                    <\/div>\n                <\/article><article class=\"jeg_post jeg_pl_lg_2 format-gallery\">\n                    <div class=\"jeg_thumb\">\n                        \n                        <a href=\"https:\/\/puertomorelos.gob.mx\/comunicacionsocial\/mantiene-puerto-morelos-atencion-permanente-en-playas-para-combatir-el-sargazo\/\"><div class=\"thumbnail-container  size-715 \"><img loading=\"lazy\" decoding=\"async\" width=\"350\" height=\"250\" src=\"https:\/\/puertomorelos.gob.mx\/comunicacionsocial\/wp-content\/uploads\/2026\/09\/MANTIENE-PUERTO-MORELOS-ATENCION-PERMANENTE-EN-PLAYAS-PARA-COMBATIR-EL-SARGAZO-1-350x250.jpeg\" class=\"attachment-jnews-350x250 size-jnews-350x250 wp-post-image\" alt=\"\" srcset=\"https:\/\/puertomorelos.gob.mx\/comunicacionsocial\/wp-content\/uploads\/2026\/09\/MANTIENE-PUERTO-MORELOS-ATENCION-PERMANENTE-EN-PLAYAS-PARA-COMBATIR-EL-SARGAZO-1-350x250.jpeg 350w, https:\/\/puertomorelos.gob.mx\/comunicacionsocial\/wp-content\/uploads\/2026\/09\/MANTIENE-PUERTO-MORELOS-ATENCION-PERMANENTE-EN-PLAYAS-PARA-COMBATIR-EL-SARGAZO-1-120x86.jpeg 120w, https:\/\/puertomorelos.gob.mx\/comunicacionsocial\/wp-content\/uploads\/2026\/09\/MANTIENE-PUERTO-MORELOS-ATENCION-PERMANENTE-EN-PLAYAS-PARA-COMBATIR-EL-SARGAZO-1-750x536.jpeg 750w\" sizes=\"auto, (max-width: 350px) 100vw, 350px\" data-full-width=\"1280\" data-full-height=\"720\" \/><\/div><\/a>\n                        <div class=\"jeg_post_category\">\n                            <span><a href=\"https:\/\/puertomorelos.gob.mx\/comunicacionsocial\/boletines\/\" class=\"category-boletines\">BOLETINES<\/a><\/span>\n                        <\/div>\n                    <\/div>\n                    <div class=\"jeg_postblock_content\">\n                        <h3 class=\"jeg_post_title\">\n                            <a href=\"https:\/\/puertomorelos.gob.mx\/comunicacionsocial\/mantiene-puerto-morelos-atencion-permanente-en-playas-para-combatir-el-sargazo\/\">MANTIENE PUERTO MORELOS ATENCI\u00d3N PERMANENTE EN PLAYAS PARA COMBATIR EL SARGAZO<\/a>\n                        <\/h3>\n                        <div class=\"jeg_post_meta\"><\/div>\n                        <div class=\"jeg_post_excerpt\">\n                            <p>* Se levantaron m\u00e1s de 104 toneladas en tres d\u00edas Puerto Morelos, Quintana Roo, a 1 de septiembre de 2026.\u2014...<\/p>\n                            <a href=\"https:\/\/puertomorelos.gob.mx\/comunicacionsocial\/mantiene-puerto-morelos-atencion-permanente-en-playas-para-combatir-el-sargazo\/\" class=\"jeg_readmore\">Leer m\u00e1s<\/a>\n                        <\/div>\n                    <\/div>\n                <\/article><article class=\"jeg_post jeg_pl_lg_2 format-gallery\">\n                    <div class=\"jeg_thumb\">\n                        \n                        <a href=\"https:\/\/puertomorelos.gob.mx\/comunicacionsocial\/mantienen-vigilancia-y-acciones-ante-presencia-de-humo-en-puerto-morelos\/\"><div class=\"thumbnail-container  size-715 \"><img loading=\"lazy\" decoding=\"async\" width=\"350\" height=\"250\" src=\"https:\/\/puertomorelos.gob.mx\/comunicacionsocial\/wp-content\/uploads\/2026\/08\/MANTIENEN-VIGILANCIA-Y-ACCIONES-ANTE-PRESENCIA-DE-HUMO-EN-PUERTO-MORELOS-4-350x250.jpeg\" class=\"attachment-jnews-350x250 size-jnews-350x250 wp-post-image\" alt=\"\" srcset=\"https:\/\/puertomorelos.gob.mx\/comunicacionsocial\/wp-content\/uploads\/2026\/08\/MANTIENEN-VIGILANCIA-Y-ACCIONES-ANTE-PRESENCIA-DE-HUMO-EN-PUERTO-MORELOS-4-350x250.jpeg 350w, https:\/\/puertomorelos.gob.mx\/comunicacionsocial\/wp-content\/uploads\/2026\/08\/MANTIENEN-VIGILANCIA-Y-ACCIONES-ANTE-PRESENCIA-DE-HUMO-EN-PUERTO-MORELOS-4-120x86.jpeg 120w, https:\/\/puertomorelos.gob.mx\/comunicacionsocial\/wp-content\/uploads\/2026\/08\/MANTIENEN-VIGILANCIA-Y-ACCIONES-ANTE-PRESENCIA-DE-HUMO-EN-PUERTO-MORELOS-4-750x536.jpeg 750w, https:\/\/puertomorelos.gob.mx\/comunicacionsocial\/wp-content\/uploads\/2026\/08\/MANTIENEN-VIGILANCIA-Y-ACCIONES-ANTE-PRESENCIA-DE-HUMO-EN-PUERTO-MORELOS-4-1140x815.jpeg 1140w\" sizes=\"auto, (max-width: 350px) 100vw, 350px\" data-full-width=\"1600\" data-full-height=\"1200\" \/><\/div><\/a>\n                        <div class=\"jeg_post_category\">\n                            <span><a href=\"https:\/\/puertomorelos.gob.mx\/comunicacionsocial\/boletines\/\" class=\"category-boletines\">BOLETINES<\/a><\/span>\n                        <\/div>\n                    <\/div>\n                    <div class=\"jeg_postblock_content\">\n                        <h3 class=\"jeg_post_title\">\n                            <a href=\"https:\/\/puertomorelos.gob.mx\/comunicacionsocial\/mantienen-vigilancia-y-acciones-ante-presencia-de-humo-en-puerto-morelos\/\">MANTIENEN VIGILANCIA Y ACCIONES ANTE PRESENCIA DE HUMO EN PUERTO MORELOS<\/a>\n                        <\/h3>\n                        <div class=\"jeg_post_meta\"><\/div>\n                        <div class=\"jeg_post_excerpt\">\n                            <p>Puerto Morelos, Quintana Roo, a 31 de agosto de 2026.\u2014 El Ayuntamiento de Puerto Morelos mantiene vigilancia en distintos puntos...<\/p>\n                            <a href=\"https:\/\/puertomorelos.gob.mx\/comunicacionsocial\/mantienen-vigilancia-y-acciones-ante-presencia-de-humo-en-puerto-morelos\/\" class=\"jeg_readmore\">Leer m\u00e1s<\/a>\n                        <\/div>\n                    <\/div>\n                <\/article><article class=\"jeg_post jeg_pl_lg_2 format-gallery\">\n                    <div class=\"jeg_thumb\">\n                        \n                        <a href=\"https:\/\/puertomorelos.gob.mx\/comunicacionsocial\/entregan-la-medalla-al-merito-juvenil-2026-de-puerto-morelos\/\"><div class=\"thumbnail-container  size-715 \"><img loading=\"lazy\" decoding=\"async\" width=\"350\" height=\"250\" src=\"https:\/\/puertomorelos.gob.mx\/comunicacionsocial\/wp-content\/uploads\/2026\/08\/ENTREGAN-LA-MEDALLA-AL-MERITO-JUVENIL-2026-DE-PUERTO-MORELOS-12-350x250.jpeg\" class=\"attachment-jnews-350x250 size-jnews-350x250 wp-post-image\" alt=\"\" srcset=\"https:\/\/puertomorelos.gob.mx\/comunicacionsocial\/wp-content\/uploads\/2026\/08\/ENTREGAN-LA-MEDALLA-AL-MERITO-JUVENIL-2026-DE-PUERTO-MORELOS-12-350x250.jpeg 350w, https:\/\/puertomorelos.gob.mx\/comunicacionsocial\/wp-content\/uploads\/2026\/08\/ENTREGAN-LA-MEDALLA-AL-MERITO-JUVENIL-2026-DE-PUERTO-MORELOS-12-120x86.jpeg 120w, https:\/\/puertomorelos.gob.mx\/comunicacionsocial\/wp-content\/uploads\/2026\/08\/ENTREGAN-LA-MEDALLA-AL-MERITO-JUVENIL-2026-DE-PUERTO-MORELOS-12-750x536.jpeg 750w\" sizes=\"auto, (max-width: 350px) 100vw, 350px\" data-full-width=\"1280\" data-full-height=\"809\" \/><\/div><\/a>\n                        <div class=\"jeg_post_category\">\n                            <span><a href=\"https:\/\/puertomorelos.gob.mx\/comunicacionsocial\/sesiones-de-cabildo\/\" class=\"category-sesiones-de-cabildo\">SESIONES DE CABILDO<\/a><\/span>\n                        <\/div>\n                    <\/div>\n                    <div class=\"jeg_postblock_content\">\n                        <h3 class=\"jeg_post_title\">\n                            <a href=\"https:\/\/puertomorelos.gob.mx\/comunicacionsocial\/entregan-la-medalla-al-merito-juvenil-2026-de-puerto-morelos\/\">ENTREGAN LA MEDALLA AL M\u00c9RITO JUVENIL 2026 DE PUERTO MORELOS<\/a>\n                        <\/h3>\n                        <div class=\"jeg_post_meta\"><\/div>\n                        <div class=\"jeg_post_excerpt\">\n                            <p>Puerto Morelos, Quintana Roo, a 31 de agosto de 2026.\u2014 En el marco de la V Sesi\u00f3n Solemne de Cabildo,...<\/p>\n                            <a href=\"https:\/\/puertomorelos.gob.mx\/comunicacionsocial\/entregan-la-medalla-al-merito-juvenil-2026-de-puerto-morelos\/\" class=\"jeg_readmore\">Leer m\u00e1s<\/a>\n                        <\/div>\n                    <\/div>\n                <\/article><article class=\"jeg_post jeg_pl_lg_2 format-gallery\">\n                    <div class=\"jeg_thumb\">\n                        \n                        <a href=\"https:\/\/puertomorelos.gob.mx\/comunicacionsocial\/da-blanca-merari-la-bienvenida-a-ninas-y-ninos-al-ciclo-escolar-2026-2027\/\"><div class=\"thumbnail-container  size-715 \"><img loading=\"lazy\" decoding=\"async\" width=\"350\" height=\"250\" src=\"https:\/\/puertomorelos.gob.mx\/comunicacionsocial\/wp-content\/uploads\/2026\/08\/DA-BLANCA-MERARI-LA-BIENVENIDA-A-NINAS-Y-NINOS-AL-CICLO-ESCOLAR-2026-2027-9-350x250.jpeg\" class=\"attachment-jnews-350x250 size-jnews-350x250 wp-post-image\" alt=\"\" srcset=\"https:\/\/puertomorelos.gob.mx\/comunicacionsocial\/wp-content\/uploads\/2026\/08\/DA-BLANCA-MERARI-LA-BIENVENIDA-A-NINAS-Y-NINOS-AL-CICLO-ESCOLAR-2026-2027-9-350x250.jpeg 350w, https:\/\/puertomorelos.gob.mx\/comunicacionsocial\/wp-content\/uploads\/2026\/08\/DA-BLANCA-MERARI-LA-BIENVENIDA-A-NINAS-Y-NINOS-AL-CICLO-ESCOLAR-2026-2027-9-120x86.jpeg 120w, https:\/\/puertomorelos.gob.mx\/comunicacionsocial\/wp-content\/uploads\/2026\/08\/DA-BLANCA-MERARI-LA-BIENVENIDA-A-NINAS-Y-NINOS-AL-CICLO-ESCOLAR-2026-2027-9-750x536.jpeg 750w, https:\/\/puertomorelos.gob.mx\/comunicacionsocial\/wp-content\/uploads\/2026\/08\/DA-BLANCA-MERARI-LA-BIENVENIDA-A-NINAS-Y-NINOS-AL-CICLO-ESCOLAR-2026-2027-9-1140x815.jpeg 1140w\" sizes=\"auto, (max-width: 350px) 100vw, 350px\" data-full-width=\"1280\" data-full-height=\"835\" \/><\/div><\/a>\n                        <div class=\"jeg_post_category\">\n                            <span><a href=\"https:\/\/puertomorelos.gob.mx\/comunicacionsocial\/boletines\/\" class=\"category-boletines\">BOLETINES<\/a><\/span>\n                        <\/div>\n                    <\/div>\n                    <div class=\"jeg_postblock_content\">\n                        <h3 class=\"jeg_post_title\">\n                            <a href=\"https:\/\/puertomorelos.gob.mx\/comunicacionsocial\/da-blanca-merari-la-bienvenida-a-ninas-y-ninos-al-ciclo-escolar-2026-2027\/\">DA BLANCA MERARI LA BIENVENIDA A NI\u00d1AS Y NI\u00d1OS AL CICLO ESCOLAR 2026-2027<\/a>\n                        <\/h3>\n                        <div class=\"jeg_post_meta\"><\/div>\n                        <div class=\"jeg_post_excerpt\">\n                            <p>Puerto Morelos, Quintana Roo, a 31 de agosto de 2026.\u2014 Con un llamado a aprovechar al m\u00e1ximo las oportunidades que...<\/p>\n                            <a href=\"https:\/\/puertomorelos.gob.mx\/comunicacionsocial\/da-blanca-merari-la-bienvenida-a-ninas-y-ninos-al-ciclo-escolar-2026-2027\/\" class=\"jeg_readmore\">Leer m\u00e1s<\/a>\n                        <\/div>\n                    <\/div>\n                <\/article><\/div>\n                    <div class='module-overlay'>\n\t\t\t\t    <div class='preloader_type preloader_dot'>\n\t\t\t\t        <div class=\"module-preloader jeg_preloader dot\">\n\t\t\t\t            <span><\/span><span><\/span><span><\/span>\n\t\t\t\t        <\/div>\n\t\t\t\t        <div class=\"module-preloader jeg_preloader circle\">\n\t\t\t\t            <div class=\"jnews_preloader_circle_outer\">\n\t\t\t\t                <div class=\"jnews_preloader_circle_inner\"><\/div>\n\t\t\t\t            <\/div>\n\t\t\t\t        <\/div>\n\t\t\t\t        <div class=\"module-preloader jeg_preloader square\">\n\t\t\t\t            <div class=\"jeg_square\">\n\t\t\t\t                <div class=\"jeg_square_inner\"><\/div>\n\t\t\t\t            <\/div>\n\t\t\t\t        <\/div>\n\t\t\t\t    <\/div>\n\t\t\t\t<\/div>\n                <\/div>\n                <div class=\"jeg_block_navigation\">\n                    <div class='navigation_overlay'><div class='module-preloader jeg_preloader'><span><\/span><span><\/span><span><\/span><\/div><\/div>\n                    <div class=\"jeg_block_loadmore \">\n                    <a href=\"#\" class='' data-load='Cargar m\u00e1s...' data-loading='Cargando...'> Cargar m\u00e1s...<\/a>\n                <\/div>\n                    \n                <\/div>\n\t\t\t\t\t\n\t\t\t\t\t<script>var jnews_module__1_6a9bc32732f67 = {\"header_icon\":\"\",\"first_title\":\"\",\"second_title\":\"\",\"url\":\"\",\"header_type\":\"heading_6\",\"header_background\":\"\",\"header_secondary_background\":\"\",\"header_text_color\":\"\",\"header_line_color\":\"\",\"header_accent_color\":\"\",\"header_filter_category\":\"\",\"header_filter_author\":\"\",\"header_filter_tag\":\"\",\"header_filter_text\":\"All\",\"post_type\":\"post\",\"content_type\":\"all\",\"number_post\":\"9\",\"post_offset\":\"0\",\"unique_content\":\"disable\",\"include_post\":\"\",\"exclude_post\":\"\",\"include_category\":\"\",\"exclude_category\":\"\",\"include_author\":\"\",\"include_tag\":\"\",\"exclude_tag\":\"\",\"sort_by\":\"latest\",\"date_format\":\"default\",\"date_format_custom\":\"Y\\\/m\\\/d\",\"excerpt_length\":\"20\",\"excerpt_ellipsis\":\"...\",\"force_normal_image_load\":\"\",\"pagination_mode\":\"loadmore\",\"pagination_nextprev_showtext\":\"\",\"pagination_number_post\":\"4\",\"pagination_scroll_limit\":0,\"ads_type\":\"disable\",\"ads_position\":1,\"ads_random\":\"\",\"ads_image\":\"\",\"ads_image_tablet\":\"\",\"ads_image_phone\":\"\",\"ads_image_link\":\"\",\"ads_image_alt\":\"\",\"ads_image_new_tab\":\"\",\"google_publisher_id\":\"\",\"google_slot_id\":\"\",\"google_desktop\":\"auto\",\"google_tab\":\"auto\",\"google_phone\":\"auto\",\"content\":\"\",\"ads_bottom_text\":\"\",\"boxed\":\"\",\"boxed_shadow\":\"\",\"el_id\":\"\",\"el_class\":\"\",\"scheme\":\"\",\"column_width\":\"auto\",\"title_color\":\"\",\"accent_color\":\"\",\"alt_color\":\"\",\"excerpt_color\":\"\",\"css\":\"\",\"compatible_column_notice\":\"\",\"paged\":1,\"column_class\":\"jeg_col_2o3\",\"class\":\"jnews_block_5\"};<\/script>\n\t\t\t\t<\/div>[\/vc_column][vc_column width=&#8221;1\/3&#8243; sticky_sidebar=&#8221;yes&#8221; set_as_sidebar=&#8221;yes&#8221;]<div  class=\"jeg_postblock_27 jeg_postblock_blog_2 jeg_postblock jeg_module_hook jeg_pagination_disable jeg_col_2o3 jnews_module__2_6a9bc3287e600   \" data-unique=\"jnews_module__2_6a9bc3287e600\">\n                    \n                    <div class=\"jeg_block_container\">\n                    \n                    <div class=\"jeg_posts jeg_load_more_flag\"><article class=\"jeg_post jeg_pl_md_4 format-gallery\">\n                    <div class=\"jeg_thumb\">\n                        \n                        <a href=\"https:\/\/puertomorelos.gob.mx\/comunicacionsocial\/reforzaran-acciones-ante-presencia-de-humo-y-se-sumaran-esfuerzos-al-combate-del-incendio-en-benito-juarez\/\"><div class=\"thumbnail-container  size-715 \"><img loading=\"lazy\" decoding=\"async\" width=\"350\" height=\"250\" src=\"https:\/\/puertomorelos.gob.mx\/comunicacionsocial\/wp-content\/uploads\/2026\/09\/REFORZARAN-ACCIONES-ANTE-PRESENCIA-DE-HUMO-Y-SE-SUMARAN-ESFUERZOS-AL-COMBATE-DEL-INCENDIO-EN-BENITO-J-1-350x250.jpeg\" class=\"attachment-jnews-350x250 size-jnews-350x250 wp-post-image\" alt=\"\" srcset=\"https:\/\/puertomorelos.gob.mx\/comunicacionsocial\/wp-content\/uploads\/2026\/09\/REFORZARAN-ACCIONES-ANTE-PRESENCIA-DE-HUMO-Y-SE-SUMARAN-ESFUERZOS-AL-COMBATE-DEL-INCENDIO-EN-BENITO-J-1-350x250.jpeg 350w, https:\/\/puertomorelos.gob.mx\/comunicacionsocial\/wp-content\/uploads\/2026\/09\/REFORZARAN-ACCIONES-ANTE-PRESENCIA-DE-HUMO-Y-SE-SUMARAN-ESFUERZOS-AL-COMBATE-DEL-INCENDIO-EN-BENITO-J-1-120x86.jpeg 120w, https:\/\/puertomorelos.gob.mx\/comunicacionsocial\/wp-content\/uploads\/2026\/09\/REFORZARAN-ACCIONES-ANTE-PRESENCIA-DE-HUMO-Y-SE-SUMARAN-ESFUERZOS-AL-COMBATE-DEL-INCENDIO-EN-BENITO-J-1-750x536.jpeg 750w, https:\/\/puertomorelos.gob.mx\/comunicacionsocial\/wp-content\/uploads\/2026\/09\/REFORZARAN-ACCIONES-ANTE-PRESENCIA-DE-HUMO-Y-SE-SUMARAN-ESFUERZOS-AL-COMBATE-DEL-INCENDIO-EN-BENITO-J-1-1140x815.jpeg 1140w\" sizes=\"auto, (max-width: 350px) 100vw, 350px\" data-full-width=\"1280\" data-full-height=\"959\" \/><\/div><\/a>\n                    <\/div>\n                    <div class=\"jeg_postblock_content\">\n                        <div class=\"jeg_post_category\">\n                            <span><a href=\"https:\/\/puertomorelos.gob.mx\/comunicacionsocial\/boletines\/\">BOLETINES<\/a><\/span>\n                        <\/div>\n                        <h3 class=\"jeg_post_title\"><a href=\"https:\/\/puertomorelos.gob.mx\/comunicacionsocial\/reforzaran-acciones-ante-presencia-de-humo-y-se-sumaran-esfuerzos-al-combate-del-incendio-en-benito-juarez\/\" >REFORZAR\u00c1N ACCIONES ANTE PRESENCIA DE HUMO Y SE SUMAR\u00c1N ESFUERZOS AL COMBATE DEL INCENDIO EN BENITO JU\u00c1REZ<\/a><\/h3>\n                        \n                        <div class=\"jeg_post_excerpt\">\n                            <p>3 de septiembre de 2026 * Este jueves se sumar\u00e1n alrededor de 100 elementos de Protecci\u00f3n Civil y Bomberos de...<\/p>\n                        <\/div>\n                    <\/div>\n                <\/article><article class=\"jeg_post jeg_pl_md_4 format-gallery\">\n                    <div class=\"jeg_thumb\">\n                        \n                        <a href=\"https:\/\/puertomorelos.gob.mx\/comunicacionsocial\/ratifica-blanca-merari-carta-de-amistad-entre-puerto-morelos-y-san-pedro-cholula\/\"><div class=\"thumbnail-container  size-715 \"><img loading=\"lazy\" decoding=\"async\" width=\"350\" height=\"250\" src=\"https:\/\/puertomorelos.gob.mx\/comunicacionsocial\/wp-content\/uploads\/2026\/09\/RATIFICA-BLANCA-MERARI-CARTA-DE-AMISTAD-ENTRE-PUERTO-MORELOS-Y-SAN-PEDRO-CHOLULA-6-350x250.jpeg\" class=\"attachment-jnews-350x250 size-jnews-350x250 wp-post-image\" alt=\"\" srcset=\"https:\/\/puertomorelos.gob.mx\/comunicacionsocial\/wp-content\/uploads\/2026\/09\/RATIFICA-BLANCA-MERARI-CARTA-DE-AMISTAD-ENTRE-PUERTO-MORELOS-Y-SAN-PEDRO-CHOLULA-6-350x250.jpeg 350w, https:\/\/puertomorelos.gob.mx\/comunicacionsocial\/wp-content\/uploads\/2026\/09\/RATIFICA-BLANCA-MERARI-CARTA-DE-AMISTAD-ENTRE-PUERTO-MORELOS-Y-SAN-PEDRO-CHOLULA-6-120x86.jpeg 120w, https:\/\/puertomorelos.gob.mx\/comunicacionsocial\/wp-content\/uploads\/2026\/09\/RATIFICA-BLANCA-MERARI-CARTA-DE-AMISTAD-ENTRE-PUERTO-MORELOS-Y-SAN-PEDRO-CHOLULA-6-750x536.jpeg 750w, https:\/\/puertomorelos.gob.mx\/comunicacionsocial\/wp-content\/uploads\/2026\/09\/RATIFICA-BLANCA-MERARI-CARTA-DE-AMISTAD-ENTRE-PUERTO-MORELOS-Y-SAN-PEDRO-CHOLULA-6-1140x815.jpeg 1140w\" sizes=\"auto, (max-width: 350px) 100vw, 350px\" data-full-width=\"1280\" data-full-height=\"853\" \/><\/div><\/a>\n                    <\/div>\n                    <div class=\"jeg_postblock_content\">\n                        <div class=\"jeg_post_category\">\n                            <span><a href=\"https:\/\/puertomorelos.gob.mx\/comunicacionsocial\/boletines\/\">BOLETINES<\/a><\/span>\n                        <\/div>\n                        <h3 class=\"jeg_post_title\"><a href=\"https:\/\/puertomorelos.gob.mx\/comunicacionsocial\/ratifica-blanca-merari-carta-de-amistad-entre-puerto-morelos-y-san-pedro-cholula\/\" >RATIFICA BLANCA MERARI CARTA DE AMISTAD ENTRE PUERTO MORELOS Y SAN PEDRO CHOLULA<\/a><\/h3>\n                        \n                        <div class=\"jeg_post_excerpt\">\n                            <p>San Pedro Cholula, Puebla a 2 de septiembre de 2026.\u2014 La presidenta municipal de Puerto Morelos, Blanca Merari Tziu Mu\u00f1oz,...<\/p>\n                        <\/div>\n                    <\/div>\n                <\/article><article class=\"jeg_post jeg_pl_md_4 format-gallery\">\n                    <div class=\"jeg_thumb\">\n                        \n                        <a href=\"https:\/\/puertomorelos.gob.mx\/comunicacionsocial\/mantiene-puerto-morelos-atencion-permanente-en-playas-para-combatir-el-sargazo\/\"><div class=\"thumbnail-container  size-715 \"><img loading=\"lazy\" decoding=\"async\" width=\"350\" height=\"250\" src=\"https:\/\/puertomorelos.gob.mx\/comunicacionsocial\/wp-content\/uploads\/2026\/09\/MANTIENE-PUERTO-MORELOS-ATENCION-PERMANENTE-EN-PLAYAS-PARA-COMBATIR-EL-SARGAZO-1-350x250.jpeg\" class=\"attachment-jnews-350x250 size-jnews-350x250 wp-post-image\" alt=\"\" srcset=\"https:\/\/puertomorelos.gob.mx\/comunicacionsocial\/wp-content\/uploads\/2026\/09\/MANTIENE-PUERTO-MORELOS-ATENCION-PERMANENTE-EN-PLAYAS-PARA-COMBATIR-EL-SARGAZO-1-350x250.jpeg 350w, https:\/\/puertomorelos.gob.mx\/comunicacionsocial\/wp-content\/uploads\/2026\/09\/MANTIENE-PUERTO-MORELOS-ATENCION-PERMANENTE-EN-PLAYAS-PARA-COMBATIR-EL-SARGAZO-1-120x86.jpeg 120w, https:\/\/puertomorelos.gob.mx\/comunicacionsocial\/wp-content\/uploads\/2026\/09\/MANTIENE-PUERTO-MORELOS-ATENCION-PERMANENTE-EN-PLAYAS-PARA-COMBATIR-EL-SARGAZO-1-750x536.jpeg 750w\" sizes=\"auto, (max-width: 350px) 100vw, 350px\" data-full-width=\"1280\" data-full-height=\"720\" \/><\/div><\/a>\n                    <\/div>\n                    <div class=\"jeg_postblock_content\">\n                        <div class=\"jeg_post_category\">\n                            <span><a href=\"https:\/\/puertomorelos.gob.mx\/comunicacionsocial\/boletines\/\">BOLETINES<\/a><\/span>\n                        <\/div>\n                        <h3 class=\"jeg_post_title\"><a href=\"https:\/\/puertomorelos.gob.mx\/comunicacionsocial\/mantiene-puerto-morelos-atencion-permanente-en-playas-para-combatir-el-sargazo\/\" >MANTIENE PUERTO MORELOS ATENCI\u00d3N PERMANENTE EN PLAYAS PARA COMBATIR EL SARGAZO<\/a><\/h3>\n                        \n                        <div class=\"jeg_post_excerpt\">\n                            <p>* Se levantaron m\u00e1s de 104 toneladas en tres d\u00edas Puerto Morelos, Quintana Roo, a 1 de septiembre de 2026.\u2014...<\/p>\n                        <\/div>\n                    <\/div>\n                <\/article><article class=\"jeg_post jeg_pl_md_4 format-gallery\">\n                    <div class=\"jeg_thumb\">\n                        \n                        <a href=\"https:\/\/puertomorelos.gob.mx\/comunicacionsocial\/mantienen-vigilancia-y-acciones-ante-presencia-de-humo-en-puerto-morelos\/\"><div class=\"thumbnail-container  size-715 \"><img loading=\"lazy\" decoding=\"async\" width=\"350\" height=\"250\" src=\"https:\/\/puertomorelos.gob.mx\/comunicacionsocial\/wp-content\/uploads\/2026\/08\/MANTIENEN-VIGILANCIA-Y-ACCIONES-ANTE-PRESENCIA-DE-HUMO-EN-PUERTO-MORELOS-4-350x250.jpeg\" class=\"attachment-jnews-350x250 size-jnews-350x250 wp-post-image\" alt=\"\" srcset=\"https:\/\/puertomorelos.gob.mx\/comunicacionsocial\/wp-content\/uploads\/2026\/08\/MANTIENEN-VIGILANCIA-Y-ACCIONES-ANTE-PRESENCIA-DE-HUMO-EN-PUERTO-MORELOS-4-350x250.jpeg 350w, https:\/\/puertomorelos.gob.mx\/comunicacionsocial\/wp-content\/uploads\/2026\/08\/MANTIENEN-VIGILANCIA-Y-ACCIONES-ANTE-PRESENCIA-DE-HUMO-EN-PUERTO-MORELOS-4-120x86.jpeg 120w, https:\/\/puertomorelos.gob.mx\/comunicacionsocial\/wp-content\/uploads\/2026\/08\/MANTIENEN-VIGILANCIA-Y-ACCIONES-ANTE-PRESENCIA-DE-HUMO-EN-PUERTO-MORELOS-4-750x536.jpeg 750w, https:\/\/puertomorelos.gob.mx\/comunicacionsocial\/wp-content\/uploads\/2026\/08\/MANTIENEN-VIGILANCIA-Y-ACCIONES-ANTE-PRESENCIA-DE-HUMO-EN-PUERTO-MORELOS-4-1140x815.jpeg 1140w\" sizes=\"auto, (max-width: 350px) 100vw, 350px\" data-full-width=\"1600\" data-full-height=\"1200\" \/><\/div><\/a>\n                    <\/div>\n                    <div class=\"jeg_postblock_content\">\n                        <div class=\"jeg_post_category\">\n                            <span><a href=\"https:\/\/puertomorelos.gob.mx\/comunicacionsocial\/boletines\/\">BOLETINES<\/a><\/span>\n                        <\/div>\n                        <h3 class=\"jeg_post_title\"><a href=\"https:\/\/puertomorelos.gob.mx\/comunicacionsocial\/mantienen-vigilancia-y-acciones-ante-presencia-de-humo-en-puerto-morelos\/\" >MANTIENEN VIGILANCIA Y ACCIONES ANTE PRESENCIA DE HUMO EN PUERTO MORELOS<\/a><\/h3>\n                        \n                        <div class=\"jeg_post_excerpt\">\n                            <p>Puerto Morelos, Quintana Roo, a 31 de agosto de 2026.\u2014 El Ayuntamiento de Puerto Morelos mantiene vigilancia en distintos puntos...<\/p>\n                        <\/div>\n                    <\/div>\n                <\/article><article class=\"jeg_post jeg_pl_md_4 format-gallery\">\n                    <div class=\"jeg_thumb\">\n                        \n                        <a href=\"https:\/\/puertomorelos.gob.mx\/comunicacionsocial\/entregan-la-medalla-al-merito-juvenil-2026-de-puerto-morelos\/\"><div class=\"thumbnail-container  size-715 \"><img loading=\"lazy\" decoding=\"async\" width=\"350\" height=\"250\" src=\"https:\/\/puertomorelos.gob.mx\/comunicacionsocial\/wp-content\/uploads\/2026\/08\/ENTREGAN-LA-MEDALLA-AL-MERITO-JUVENIL-2026-DE-PUERTO-MORELOS-12-350x250.jpeg\" class=\"attachment-jnews-350x250 size-jnews-350x250 wp-post-image\" alt=\"\" srcset=\"https:\/\/puertomorelos.gob.mx\/comunicacionsocial\/wp-content\/uploads\/2026\/08\/ENTREGAN-LA-MEDALLA-AL-MERITO-JUVENIL-2026-DE-PUERTO-MORELOS-12-350x250.jpeg 350w, https:\/\/puertomorelos.gob.mx\/comunicacionsocial\/wp-content\/uploads\/2026\/08\/ENTREGAN-LA-MEDALLA-AL-MERITO-JUVENIL-2026-DE-PUERTO-MORELOS-12-120x86.jpeg 120w, https:\/\/puertomorelos.gob.mx\/comunicacionsocial\/wp-content\/uploads\/2026\/08\/ENTREGAN-LA-MEDALLA-AL-MERITO-JUVENIL-2026-DE-PUERTO-MORELOS-12-750x536.jpeg 750w\" sizes=\"auto, (max-width: 350px) 100vw, 350px\" data-full-width=\"1280\" data-full-height=\"809\" \/><\/div><\/a>\n                    <\/div>\n                    <div class=\"jeg_postblock_content\">\n                        <div class=\"jeg_post_category\">\n                            <span><a href=\"https:\/\/puertomorelos.gob.mx\/comunicacionsocial\/sesiones-de-cabildo\/\">SESIONES DE CABILDO<\/a><\/span>\n                        <\/div>\n                        <h3 class=\"jeg_post_title\"><a href=\"https:\/\/puertomorelos.gob.mx\/comunicacionsocial\/entregan-la-medalla-al-merito-juvenil-2026-de-puerto-morelos\/\" >ENTREGAN LA MEDALLA AL M\u00c9RITO JUVENIL 2026 DE PUERTO MORELOS<\/a><\/h3>\n                        \n                        <div class=\"jeg_post_excerpt\">\n                            <p>Puerto Morelos, Quintana Roo, a 31 de agosto de 2026.\u2014 En el marco de la V Sesi\u00f3n Solemne de Cabildo,...<\/p>\n                        <\/div>\n                    <\/div>\n                <\/article><article class=\"jeg_post jeg_pl_md_4 format-gallery\">\n                    <div class=\"jeg_thumb\">\n                        \n                        <a href=\"https:\/\/puertomorelos.gob.mx\/comunicacionsocial\/da-blanca-merari-la-bienvenida-a-ninas-y-ninos-al-ciclo-escolar-2026-2027\/\"><div class=\"thumbnail-container  size-715 \"><img loading=\"lazy\" decoding=\"async\" width=\"350\" height=\"250\" src=\"https:\/\/puertomorelos.gob.mx\/comunicacionsocial\/wp-content\/uploads\/2026\/08\/DA-BLANCA-MERARI-LA-BIENVENIDA-A-NINAS-Y-NINOS-AL-CICLO-ESCOLAR-2026-2027-9-350x250.jpeg\" class=\"attachment-jnews-350x250 size-jnews-350x250 wp-post-image\" alt=\"\" srcset=\"https:\/\/puertomorelos.gob.mx\/comunicacionsocial\/wp-content\/uploads\/2026\/08\/DA-BLANCA-MERARI-LA-BIENVENIDA-A-NINAS-Y-NINOS-AL-CICLO-ESCOLAR-2026-2027-9-350x250.jpeg 350w, https:\/\/puertomorelos.gob.mx\/comunicacionsocial\/wp-content\/uploads\/2026\/08\/DA-BLANCA-MERARI-LA-BIENVENIDA-A-NINAS-Y-NINOS-AL-CICLO-ESCOLAR-2026-2027-9-120x86.jpeg 120w, https:\/\/puertomorelos.gob.mx\/comunicacionsocial\/wp-content\/uploads\/2026\/08\/DA-BLANCA-MERARI-LA-BIENVENIDA-A-NINAS-Y-NINOS-AL-CICLO-ESCOLAR-2026-2027-9-750x536.jpeg 750w, https:\/\/puertomorelos.gob.mx\/comunicacionsocial\/wp-content\/uploads\/2026\/08\/DA-BLANCA-MERARI-LA-BIENVENIDA-A-NINAS-Y-NINOS-AL-CICLO-ESCOLAR-2026-2027-9-1140x815.jpeg 1140w\" sizes=\"auto, (max-width: 350px) 100vw, 350px\" data-full-width=\"1280\" data-full-height=\"835\" \/><\/div><\/a>\n                    <\/div>\n                    <div class=\"jeg_postblock_content\">\n                        <div class=\"jeg_post_category\">\n                            <span><a href=\"https:\/\/puertomorelos.gob.mx\/comunicacionsocial\/boletines\/\">BOLETINES<\/a><\/span>\n                        <\/div>\n                        <h3 class=\"jeg_post_title\"><a href=\"https:\/\/puertomorelos.gob.mx\/comunicacionsocial\/da-blanca-merari-la-bienvenida-a-ninas-y-ninos-al-ciclo-escolar-2026-2027\/\" >DA BLANCA MERARI LA BIENVENIDA A NI\u00d1AS Y NI\u00d1OS AL CICLO ESCOLAR 2026-2027<\/a><\/h3>\n                        \n                        <div class=\"jeg_post_excerpt\">\n                            <p>Puerto Morelos, Quintana Roo, a 31 de agosto de 2026.\u2014 Con un llamado a aprovechar al m\u00e1ximo las oportunidades que...<\/p>\n                        <\/div>\n                    <\/div>\n                <\/article><\/div>\n                    <div class='module-overlay'>\n\t\t\t\t    <div class='preloader_type preloader_dot'>\n\t\t\t\t        <div class=\"module-preloader jeg_preloader dot\">\n\t\t\t\t            <span><\/span><span><\/span><span><\/span>\n\t\t\t\t        <\/div>\n\t\t\t\t        <div class=\"module-preloader jeg_preloader circle\">\n\t\t\t\t            <div class=\"jnews_preloader_circle_outer\">\n\t\t\t\t                <div class=\"jnews_preloader_circle_inner\"><\/div>\n\t\t\t\t            <\/div>\n\t\t\t\t        <\/div>\n\t\t\t\t        <div class=\"module-preloader jeg_preloader square\">\n\t\t\t\t            <div class=\"jeg_square\">\n\t\t\t\t                <div class=\"jeg_square_inner\"><\/div>\n\t\t\t\t            <\/div>\n\t\t\t\t        <\/div>\n\t\t\t\t    <\/div>\n\t\t\t\t<\/div>\n                <\/div>\n                <div class=\"jeg_block_navigation\">\n                    <div class='navigation_overlay'><div class='module-preloader jeg_preloader'><span><\/span><span><\/span><span><\/span><\/div><\/div>\n                    \n                    \n                <\/div>\n                    \n                    <script>var jnews_module__2_6a9bc3287e600 = {\"header_icon\":\"\",\"first_title\":\"\",\"second_title\":\"\",\"url\":\"\",\"header_type\":\"heading_6\",\"header_background\":\"\",\"header_secondary_background\":\"\",\"header_text_color\":\"\",\"header_line_color\":\"\",\"header_accent_color\":\"\",\"header_filter_category\":\"\",\"header_filter_author\":\"\",\"header_filter_tag\":\"\",\"header_filter_text\":\"All\",\"post_type\":\"post\",\"content_type\":\"all\",\"number_post\":\"6\",\"post_offset\":\"0\",\"unique_content\":\"unique1\",\"include_post\":\"\",\"exclude_post\":\"36833,36828,36811\",\"include_category\":\"\",\"exclude_category\":\"\",\"include_author\":\"\",\"include_tag\":\"\",\"exclude_tag\":\"\",\"sort_by\":\"latest\",\"date_format\":\"default\",\"date_format_custom\":\"Y\\\/m\\\/d\",\"excerpt_length\":\"20\",\"excerpt_ellipsis\":\"...\",\"force_normal_image_load\":\"\",\"pagination_mode\":\"disable\",\"pagination_nextprev_showtext\":\"\",\"pagination_number_post\":6,\"pagination_scroll_limit\":0,\"boxed\":\"\",\"boxed_shadow\":\"\",\"el_id\":\"\",\"el_class\":\"\",\"scheme\":\"\",\"column_width\":\"auto\",\"title_color\":\"\",\"accent_color\":\"\",\"alt_color\":\"\",\"excerpt_color\":\"\",\"css\":\"\",\"compatible_column_notice\":\"\",\"paged\":1,\"column_class\":\"jeg_col_2o3\",\"class\":\"jnews_block_27\"};<\/script>\n                <\/div>[\/vc_column][\/vc_row][vc_row vc_row_background=&#8221;&#8221;][vc_column][vc_separator color=&#8221;custom&#8221; border_width=&#8221;4&#8243; accent_color=&#8221;#e5b926&#8243;][\/vc_column][\/vc_row]<\/p>\n<\/div>","protected":false},"excerpt":{"rendered":"<p>[vc_row full_width=&#8221;stretch_row_content_no_spaces&#8221; vc_row_background=&#8221;&#8221; css=&#8221;.vc_custom_1709312730123{margin-top: -30px !important;background-color: #eeeeee !important;}&#8221;][vc_column][\/vc_column][\/vc_row][vc_row full_width=&#8221;stretch_row_content_no_spaces&#8221; vc_row_background=&#8221;&#8221; css=&#8221;.vc_custom_1645056953426{margin-top: -40px !important;}&#8221;][vc_column][vc_separator color=&#8221;custom&#8221; border_width=&#8221;3&#8243; accent_color=&#8221;#e5b926&#8243;][\/vc_column][\/vc_row][vc_row][vc_column width=&#8221;2\/3&#8243;][\/vc_column][vc_column width=&#8221;1\/3&#8243; sticky_sidebar=&#8221;yes&#8221; set_as_sidebar=&#8221;yes&#8221;][\/vc_column][\/vc_row][vc_row vc_row_background=&#8221;&#8221;][vc_column][vc_separator color=&#8221;custom&#8221; border_width=&#8221;4&#8243; accent_color=&#8221;#e5b926&#8243;][\/vc_column][\/vc_row]<\/p>\n","protected":false},"author":1,"featured_media":0,"parent":0,"menu_order":0,"comment_status":"closed","ping_status":"closed","template":"template-builder.php","meta":{"footnotes":""},"class_list":["post-12279","page","type-page","status-publish","hentry"],"yoast_head":"<!-- This site is optimized with the Yoast SEO plugin v28.4 - https:\/\/yoast.com\/product\/yoast-seo-wordpress\/ -->\n<title>DIRECCI\u00d3N DE COMUNICACI\u00d3N SOCIAL PUERTO MORELOS - Comunicaci\u00f3n Social de Puerto Morelos 2024 - 2027<\/title>\n<meta name=\"robots\" content=\"noindex, follow\" \/>\n<meta property=\"og:locale\" content=\"es_MX\" \/>\n<meta property=\"og:type\" content=\"article\" \/>\n<meta property=\"og:title\" content=\"DIRECCI\u00d3N DE COMUNICACI\u00d3N SOCIAL PUERTO MORELOS\" \/>\n<meta property=\"og:description\" content=\"[vc_row full_width=&#8221;stretch_row_content_no_spaces&#8221; vc_row_background=&#8221;&#8221; css=&#8221;.vc_custom_1709312730123{margin-top: -30px !important;background-color: #eeeeee !important;}&#8221;][vc_column][\/vc_column][\/vc_row][vc_row full_width=&#8221;stretch_row_content_no_spaces&#8221; vc_row_background=&#8221;&#8221; css=&#8221;.vc_custom_1645056953426{margin-top: -40px !important;}&#8221;][vc_column][vc_separator color=&#8221;custom&#8221; border_width=&#8221;3&#8243; accent_color=&#8221;#e5b926&#8243;][\/vc_column][\/vc_row][vc_row][vc_column width=&#8221;2\/3&#8243;][\/vc_column][vc_column width=&#8221;1\/3&#8243; sticky_sidebar=&#8221;yes&#8221; set_as_sidebar=&#8221;yes&#8221;][\/vc_column][\/vc_row][vc_row vc_row_background=&#8221;&#8221;][vc_column][vc_separator color=&#8221;custom&#8221; border_width=&#8221;4&#8243; accent_color=&#8221;#e5b926&#8243;][\/vc_column][\/vc_row]\" \/>\n<meta property=\"og:url\" content=\"https:\/\/puertomorelos.gob.mx\/comunicacionsocial\/\" \/>\n<meta property=\"og:site_name\" content=\"Comunicaci\u00f3n Social de Puerto Morelos 2024 - 2027\" \/>\n<meta property=\"article:publisher\" content=\"https:\/\/www.facebook.com\/PtoMorelosAyto\" \/>\n<meta property=\"article:modified_time\" content=\"2026-05-12T18:59:03+00:00\" \/>\n<meta property=\"og:image\" content=\"https:\/\/puertomorelos.gob.mx\/comunicacionsocial\/wp-content\/uploads\/2023\/02\/dcs.jpg\" \/>\n\t<meta property=\"og:image:width\" content=\"1500\" \/>\n\t<meta property=\"og:image:height\" content=\"1127\" \/>\n\t<meta property=\"og:image:type\" content=\"image\/jpeg\" \/>\n<meta name=\"twitter:card\" content=\"summary_large_image\" \/>\n<meta name=\"twitter:title\" content=\"DIRECCI\u00d3N DE COMUNICACI\u00d3N SOCIAL PUERTO MORELOS\" \/>\n<meta name=\"twitter:image\" content=\"https:\/\/puertomorelos.gob.mx\/comunicacionsocial\/wp-content\/uploads\/2023\/02\/dcs.jpg\" \/>\n<meta name=\"twitter:site\" content=\"@PtoMorelosAyto\" \/>\n<meta name=\"twitter:label1\" content=\"Tiempo de lectura\" \/>\n\t<meta name=\"twitter:data1\" content=\"1 minuto\" \/>\n<script type=\"application\/ld+json\" class=\"yoast-schema-graph\">{\"@context\":\"https:\\\/\\\/schema.org\",\"@graph\":[{\"@type\":\"WebPage\",\"@id\":\"https:\\\/\\\/puertomorelos.gob.mx\\\/comunicacionsocial\\\/\",\"url\":\"https:\\\/\\\/puertomorelos.gob.mx\\\/comunicacionsocial\\\/\",\"name\":\"DIRECCI\u00d3N DE COMUNICACI\u00d3N SOCIAL PUERTO MORELOS - Comunicaci\u00f3n Social de Puerto Morelos 2024 - 2027\",\"isPartOf\":{\"@id\":\"https:\\\/\\\/puertomorelos.gob.mx\\\/comunicacionsocial\\\/#website\"},\"datePublished\":\"2020-01-12T17:29:55+00:00\",\"dateModified\":\"2026-05-12T18:59:03+00:00\",\"breadcrumb\":{\"@id\":\"https:\\\/\\\/puertomorelos.gob.mx\\\/comunicacionsocial\\\/#breadcrumb\"},\"inLanguage\":\"es\",\"potentialAction\":[{\"@type\":\"ReadAction\",\"target\":[\"https:\\\/\\\/puertomorelos.gob.mx\\\/comunicacionsocial\\\/\"]}]},{\"@type\":\"BreadcrumbList\",\"@id\":\"https:\\\/\\\/puertomorelos.gob.mx\\\/comunicacionsocial\\\/#breadcrumb\",\"itemListElement\":[{\"@type\":\"ListItem\",\"position\":1,\"name\":\"Inicio\",\"item\":\"https:\\\/\\\/puertomorelos.gob.mx\\\/comunicacionsocial\\\/\"},{\"@type\":\"ListItem\",\"position\":2,\"name\":\"DIRECCI\u00d3N DE COMUNICACI\u00d3N SOCIAL PUERTO MORELOS\"}]},{\"@type\":\"WebSite\",\"@id\":\"https:\\\/\\\/puertomorelos.gob.mx\\\/comunicacionsocial\\\/#website\",\"url\":\"https:\\\/\\\/puertomorelos.gob.mx\\\/comunicacionsocial\\\/\",\"name\":\"DIRECCI\u00d3N DE COMUNICACI\u00d3N SOCIAL PUERTO MORELOS\",\"description\":\"\",\"publisher\":{\"@id\":\"https:\\\/\\\/puertomorelos.gob.mx\\\/comunicacionsocial\\\/#organization\"},\"alternateName\":\"DIRECCI\u00d3N DE COMUNICACI\u00d3N SOCIAL PUERTO MORELOS\",\"potentialAction\":[{\"@type\":\"SearchAction\",\"target\":{\"@type\":\"EntryPoint\",\"urlTemplate\":\"https:\\\/\\\/puertomorelos.gob.mx\\\/comunicacionsocial\\\/?s={search_term_string}\"},\"query-input\":{\"@type\":\"PropertyValueSpecification\",\"valueRequired\":true,\"valueName\":\"search_term_string\"}}],\"inLanguage\":\"es\"},{\"@type\":\"Organization\",\"@id\":\"https:\\\/\\\/puertomorelos.gob.mx\\\/comunicacionsocial\\\/#organization\",\"name\":\"DIRECCI\u00d3N DE COMUNICACI\u00d3N SOCIAL PUERTO MORELOS\",\"url\":\"https:\\\/\\\/puertomorelos.gob.mx\\\/comunicacionsocial\\\/\",\"logo\":{\"@type\":\"ImageObject\",\"inLanguage\":\"es\",\"@id\":\"https:\\\/\\\/puertomorelos.gob.mx\\\/comunicacionsocial\\\/#\\\/schema\\\/logo\\\/image\\\/\",\"url\":\"https:\\\/\\\/puertomorelos.gob.mx\\\/comunicacionsocial\\\/wp-content\\\/uploads\\\/2023\\\/02\\\/dcs.jpg\",\"contentUrl\":\"https:\\\/\\\/puertomorelos.gob.mx\\\/comunicacionsocial\\\/wp-content\\\/uploads\\\/2023\\\/02\\\/dcs.jpg\",\"width\":1500,\"height\":1127,\"caption\":\"DIRECCI\u00d3N DE COMUNICACI\u00d3N SOCIAL PUERTO MORELOS\"},\"image\":{\"@id\":\"https:\\\/\\\/puertomorelos.gob.mx\\\/comunicacionsocial\\\/#\\\/schema\\\/logo\\\/image\\\/\"},\"sameAs\":[\"https:\\\/\\\/www.facebook.com\\\/PtoMorelosAyto\",\"https:\\\/\\\/x.com\\\/PtoMorelosAyto\"]}]}<\/script>\n<!-- \/ Yoast SEO plugin. -->","yoast_head_json":{"title":"DIRECCI\u00d3N DE COMUNICACI\u00d3N SOCIAL PUERTO MORELOS - Comunicaci\u00f3n Social de Puerto Morelos 2024 - 2027","robots":{"index":"noindex","follow":"follow"},"og_locale":"es_MX","og_type":"article","og_title":"DIRECCI\u00d3N DE COMUNICACI\u00d3N SOCIAL PUERTO MORELOS","og_description":"[vc_row full_width=&#8221;stretch_row_content_no_spaces&#8221; vc_row_background=&#8221;&#8221; css=&#8221;.vc_custom_1709312730123{margin-top: -30px !important;background-color: #eeeeee !important;}&#8221;][vc_column][\/vc_column][\/vc_row][vc_row full_width=&#8221;stretch_row_content_no_spaces&#8221; vc_row_background=&#8221;&#8221; css=&#8221;.vc_custom_1645056953426{margin-top: -40px !important;}&#8221;][vc_column][vc_separator color=&#8221;custom&#8221; border_width=&#8221;3&#8243; accent_color=&#8221;#e5b926&#8243;][\/vc_column][\/vc_row][vc_row][vc_column width=&#8221;2\/3&#8243;][\/vc_column][vc_column width=&#8221;1\/3&#8243; sticky_sidebar=&#8221;yes&#8221; set_as_sidebar=&#8221;yes&#8221;][\/vc_column][\/vc_row][vc_row vc_row_background=&#8221;&#8221;][vc_column][vc_separator color=&#8221;custom&#8221; border_width=&#8221;4&#8243; accent_color=&#8221;#e5b926&#8243;][\/vc_column][\/vc_row]","og_url":"https:\/\/puertomorelos.gob.mx\/comunicacionsocial\/","og_site_name":"Comunicaci\u00f3n Social de Puerto Morelos 2024 - 2027","article_publisher":"https:\/\/www.facebook.com\/PtoMorelosAyto","article_modified_time":"2026-05-12T18:59:03+00:00","og_image":[{"width":1500,"height":1127,"url":"https:\/\/puertomorelos.gob.mx\/comunicacionsocial\/wp-content\/uploads\/2023\/02\/dcs.jpg","type":"image\/jpeg"}],"twitter_card":"summary_large_image","twitter_title":"DIRECCI\u00d3N DE COMUNICACI\u00d3N SOCIAL PUERTO MORELOS","twitter_image":"https:\/\/puertomorelos.gob.mx\/comunicacionsocial\/wp-content\/uploads\/2023\/02\/dcs.jpg","twitter_site":"@PtoMorelosAyto","twitter_misc":{"Tiempo de lectura":"1 minuto"},"schema":{"@context":"https:\/\/schema.org","@graph":[{"@type":"WebPage","@id":"https:\/\/puertomorelos.gob.mx\/comunicacionsocial\/","url":"https:\/\/puertomorelos.gob.mx\/comunicacionsocial\/","name":"DIRECCI\u00d3N DE COMUNICACI\u00d3N SOCIAL PUERTO MORELOS - Comunicaci\u00f3n Social de Puerto Morelos 2024 - 2027","isPartOf":{"@id":"https:\/\/puertomorelos.gob.mx\/comunicacionsocial\/#website"},"datePublished":"2020-01-12T17:29:55+00:00","dateModified":"2026-05-12T18:59:03+00:00","breadcrumb":{"@id":"https:\/\/puertomorelos.gob.mx\/comunicacionsocial\/#breadcrumb"},"inLanguage":"es","potentialAction":[{"@type":"ReadAction","target":["https:\/\/puertomorelos.gob.mx\/comunicacionsocial\/"]}]},{"@type":"BreadcrumbList","@id":"https:\/\/puertomorelos.gob.mx\/comunicacionsocial\/#breadcrumb","itemListElement":[{"@type":"ListItem","position":1,"name":"Inicio","item":"https:\/\/puertomorelos.gob.mx\/comunicacionsocial\/"},{"@type":"ListItem","position":2,"name":"DIRECCI\u00d3N DE COMUNICACI\u00d3N SOCIAL PUERTO MORELOS"}]},{"@type":"WebSite","@id":"https:\/\/puertomorelos.gob.mx\/comunicacionsocial\/#website","url":"https:\/\/puertomorelos.gob.mx\/comunicacionsocial\/","name":"DIRECCI\u00d3N DE COMUNICACI\u00d3N SOCIAL PUERTO MORELOS","description":"","publisher":{"@id":"https:\/\/puertomorelos.gob.mx\/comunicacionsocial\/#organization"},"alternateName":"DIRECCI\u00d3N DE COMUNICACI\u00d3N SOCIAL PUERTO MORELOS","potentialAction":[{"@type":"SearchAction","target":{"@type":"EntryPoint","urlTemplate":"https:\/\/puertomorelos.gob.mx\/comunicacionsocial\/?s={search_term_string}"},"query-input":{"@type":"PropertyValueSpecification","valueRequired":true,"valueName":"search_term_string"}}],"inLanguage":"es"},{"@type":"Organization","@id":"https:\/\/puertomorelos.gob.mx\/comunicacionsocial\/#organization","name":"DIRECCI\u00d3N DE COMUNICACI\u00d3N SOCIAL PUERTO MORELOS","url":"https:\/\/puertomorelos.gob.mx\/comunicacionsocial\/","logo":{"@type":"ImageObject","inLanguage":"es","@id":"https:\/\/puertomorelos.gob.mx\/comunicacionsocial\/#\/schema\/logo\/image\/","url":"https:\/\/puertomorelos.gob.mx\/comunicacionsocial\/wp-content\/uploads\/2023\/02\/dcs.jpg","contentUrl":"https:\/\/puertomorelos.gob.mx\/comunicacionsocial\/wp-content\/uploads\/2023\/02\/dcs.jpg","width":1500,"height":1127,"caption":"DIRECCI\u00d3N DE COMUNICACI\u00d3N SOCIAL PUERTO MORELOS"},"image":{"@id":"https:\/\/puertomorelos.gob.mx\/comunicacionsocial\/#\/schema\/logo\/image\/"},"sameAs":["https:\/\/www.facebook.com\/PtoMorelosAyto","https:\/\/x.com\/PtoMorelosAyto"]}]}},"amp_enabled":false,"_links":{"self":[{"href":"https:\/\/puertomorelos.gob.mx\/comunicacionsocial\/wp-json\/wp\/v2\/pages\/12279","targetHints":{"allow":["GET"]}}],"collection":[{"href":"https:\/\/puertomorelos.gob.mx\/comunicacionsocial\/wp-json\/wp\/v2\/pages"}],"about":[{"href":"https:\/\/puertomorelos.gob.mx\/comunicacionsocial\/wp-json\/wp\/v2\/types\/page"}],"author":[{"embeddable":true,"href":"https:\/\/puertomorelos.gob.mx\/comunicacionsocial\/wp-json\/wp\/v2\/users\/1"}],"replies":[{"embeddable":true,"href":"https:\/\/puertomorelos.gob.mx\/comunicacionsocial\/wp-json\/wp\/v2\/comments?post=12279"}],"version-history":[{"count":77,"href":"https:\/\/puertomorelos.gob.mx\/comunicacionsocial\/wp-json\/wp\/v2\/pages\/12279\/revisions"}],"predecessor-version":[{"id":35087,"href":"https:\/\/puertomorelos.gob.mx\/comunicacionsocial\/wp-json\/wp\/v2\/pages\/12279\/revisions\/35087"}],"wp:attachment":[{"href":"https:\/\/puertomorelos.gob.mx\/comunicacionsocial\/wp-json\/wp\/v2\/media?parent=12279"}],"curies":[{"name":"wp","href":"https:\/\/api.w.org\/{rel}","templated":true}]}}